{"id":3794,"date":"2021-05-25T20:45:43","date_gmt":"2021-05-25T23:45:43","guid":{"rendered":"http:\/\/pratocheio.org.br\/novosite\/?page_id=3794"},"modified":"2026-04-18T12:22:30","modified_gmt":"2026-04-18T15:22:30","slug":"o-que-fazemos","status":"publish","type":"page","link":"https:\/\/www.pratocheio.org.br\/en\/o-que-fazemos\/","title":{"rendered":"What we do \u2013 Prato Cheio"},"content":{"rendered":"<div id=\"wp-block-themeisle-blocks-advanced-columns-97aea2d5\" class=\"wp-block-themeisle-blocks-advanced-columns alignfull has-1-columns has-desktop-equal-layout has-tablet-equal-layout has-mobile-equal-layout has-vertical-unset\"><div class=\"wp-block-themeisle-blocks-advanced-columns-overlay\"><\/div><div class=\"innerblocks-wrap\">\n<div id=\"wp-block-themeisle-blocks-advanced-column-616194b0\" class=\"wp-block-themeisle-blocks-advanced-column animated slideInUp\">\n<h2 class=\"wp-block-heading has-nv-site-bg-color has-text-color\">OUR PROJECTS<\/h2>\n\n\n\n<p class=\"has-nv-site-bg-color has-text-color\">The projects developed by Prato Cheio are interconnected and can be<br>organized into 3 axes of action:<\/p>\n<\/div>\n<\/div><\/div>\n\n\n\n<div id=\"wp-block-themeisle-blocks-advanced-columns-19ab7fe3\" class=\"wp-block-themeisle-blocks-advanced-columns alignfull has-1-columns has-desktop-equal-layout has-tablet-equal-layout has-mobile-equal-layout has-vertical-unset\"><div class=\"wp-block-themeisle-blocks-advanced-columns-overlay\"><\/div><div class=\"innerblocks-wrap\">\n<div id=\"wp-block-themeisle-blocks-advanced-column-2e2a2146\" class=\"wp-block-themeisle-blocks-advanced-column has-light-bg\">\n<div class=\"wp-block-group\"><div class=\"wp-block-group__inner-container is-layout-flow wp-block-group-is-layout-flow\">\n<h2 class=\"wp-block-heading has-text-align-center\">Axis 1 \u2013 Urban Harvest<\/h2>\n\n\n\n<div class=\"wp-block-columns is-layout-flex wp-container-core-columns-is-layout-9d6595d7 wp-block-columns-is-layout-flex\">\n<div class=\"wp-block-column is-layout-flow wp-block-column-is-layout-flow\" style=\"flex-basis:40%\"><div class=\"wp-block-image\">\n<figure class=\"aligncenter size-large\"><a href=\"#rota-solidaria\"><img decoding=\"async\" src=\"https:\/\/pratocheio.org.br\/wp-content\/uploads\/2021\/07\/1-2-167x300.png\" alt=\"\"\/><\/a><\/figure>\n<\/div><\/div>\n\n\n\n<div class=\"wp-block-column is-vertically-aligned-center is-layout-flow wp-block-column-is-layout-flow\" style=\"flex-basis:60%\">\n<p>The <strong>Urban Harvest<\/strong>, developed by <strong>Solidarity Route Project<\/strong>, has been the main axis of Prato Cheio\u2019s work, and was the project that gave rise to the organization <strong>24 years ago<\/strong>. The Project is responsible for the organization for the organization's success in its work to combat food waste.<\/p>\n<\/div>\n<\/div>\n<\/div><\/div>\n<\/div>\n<\/div><\/div>\n\n\n\n<div id=\"wp-block-themeisle-blocks-advanced-columns-99e92a77\" class=\"wp-block-themeisle-blocks-advanced-columns alignfull has-1-columns has-desktop-equal-layout has-tablet-equal-layout has-mobile-equal-layout has-vertical-unset\"><div class=\"wp-block-themeisle-blocks-advanced-columns-overlay\"><\/div><div class=\"innerblocks-wrap\">\n<div id=\"wp-block-themeisle-blocks-advanced-column-9ab2f60c\" class=\"wp-block-themeisle-blocks-advanced-column has-light-bg\">\n<div class=\"wp-block-group\"><div class=\"wp-block-group__inner-container is-layout-flow wp-block-group-is-layout-flow\">\n<h2 class=\"wp-block-heading has-text-align-center\">Axis 2 \u2013 Education and Systematization of Knowledge<\/h2>\n\n\n\n<div class=\"wp-block-columns is-layout-flex wp-container-core-columns-is-layout-9d6595d7 wp-block-columns-is-layout-flex\">\n<div class=\"wp-block-column is-layout-flow wp-block-column-is-layout-flow\" style=\"flex-basis:40%\">\n<div class=\"wp-block-columns is-layout-flex wp-container-core-columns-is-layout-9d6595d7 wp-block-columns-is-layout-flex\">\n<div class=\"wp-block-column is-layout-flow wp-block-column-is-layout-flow\">\n<figure class=\"wp-block-image size-full\"><a href=\"#oficinas-solidarias\"><img loading=\"lazy\" decoding=\"async\" width=\"167\" height=\"300\" src=\"https:\/\/pratocheio.org.br\/wp-content\/uploads\/2022\/04\/image.png\" alt=\"\" class=\"wp-image-8863\"\/><\/a><\/figure>\n<\/div>\n\n\n\n<div class=\"wp-block-column is-layout-flow wp-block-column-is-layout-flow\">\n<figure class=\"wp-block-image size-full\"><a href=\"#prato-cheio-para-todos\"><img loading=\"lazy\" decoding=\"async\" width=\"167\" height=\"300\" src=\"https:\/\/pratocheio.org.br\/wp-content\/uploads\/2022\/04\/image-1.png\" alt=\"\" class=\"wp-image-8864\"\/><\/a><\/figure>\n<\/div>\n<\/div>\n<\/div>\n\n\n\n<div class=\"wp-block-column is-vertically-aligned-center is-layout-flow wp-block-column-is-layout-flow\" style=\"flex-basis:60%\">\n<p>Education projects such as <strong>Solidarity Workshops Project<\/strong> and the<strong> Prato Cheio para Todos Project<\/strong> make up a second axis of work that seeks to permanently systematize the accumulated knowledge and generate content for different audiences with the aim of educating people to promote good practices in food consumption<\/p>\n<\/div>\n<\/div>\n<\/div><\/div>\n<\/div>\n<\/div><\/div>\n\n\n\n<div id=\"wp-block-themeisle-blocks-advanced-columns-85908ab4\" class=\"wp-block-themeisle-blocks-advanced-columns alignfull has-1-columns has-desktop-equal-layout has-tablet-equal-layout has-mobile-equal-layout has-vertical-unset\"><div class=\"wp-block-themeisle-blocks-advanced-columns-overlay\"><\/div><div class=\"innerblocks-wrap\">\n<div id=\"wp-block-themeisle-blocks-advanced-column-9c93448e\" class=\"wp-block-themeisle-blocks-advanced-column has-light-bg\">\n<div class=\"wp-block-group\"><div class=\"wp-block-group__inner-container is-layout-flow wp-block-group-is-layout-flow\">\n<h2 class=\"wp-block-heading has-text-align-center\">Eixo 3 &#8211; Inova\u00e7\u00e3o e&nbsp;Desenvolvimento Sustent\u00e1vel<\/h2>\n\n\n\n<div class=\"wp-block-columns is-layout-flex wp-container-core-columns-is-layout-9d6595d7 wp-block-columns-is-layout-flex\">\n<div class=\"wp-block-column is-layout-flow wp-block-column-is-layout-flow\" style=\"flex-basis:40%\"><div class=\"wp-block-image\">\n<figure class=\"aligncenter size-large\"><img loading=\"lazy\" decoding=\"async\" width=\"1024\" height=\"1024\" src=\"https:\/\/pratocheio.org.br\/wp-content\/uploads\/2025\/10\/icones-site-1024x1024.png\" alt=\"\" class=\"wp-image-9459\" srcset=\"https:\/\/www.pratocheio.org.br\/wp-content\/uploads\/2025\/10\/icones-site-1024x1024.png 1024w, https:\/\/www.pratocheio.org.br\/wp-content\/uploads\/2025\/10\/icones-site-300x300.png 300w, https:\/\/www.pratocheio.org.br\/wp-content\/uploads\/2025\/10\/icones-site-150x150.png 150w, https:\/\/www.pratocheio.org.br\/wp-content\/uploads\/2025\/10\/icones-site-768x768.png 768w, https:\/\/www.pratocheio.org.br\/wp-content\/uploads\/2025\/10\/icones-site-12x12.png 12w, https:\/\/www.pratocheio.org.br\/wp-content\/uploads\/2025\/10\/icones-site.png 1080w\" sizes=\"(max-width: 1024px) 100vw, 1024px\" \/><\/figure>\n<\/div><\/div>\n\n\n\n<div class=\"wp-block-column is-vertically-aligned-center is-layout-flow wp-block-column-is-layout-flow\" style=\"flex-basis:60%\">\n<p>A third axis includes the use of technological tools to <strong>improve information collection and circulation systems<\/strong>, besides giving <strong>transparency and visibility of the results and impacts achieved<\/strong>, which ensures greater engagement of actors in the donation<br>of food, promoting more sustainable food systems. <\/p>\n\n\n\n<p>O&nbsp;uso de novas ferramentas tecnol\u00f3gicas \u00e9 essencial para replicar e dar escalabilidade \u00e0 metodologia de trabalho da Associa\u00e7\u00e3o Prato Cheio, como a Plataforma de Impacto e a Plataforma de Educa\u00e7\u00e3o \u00e0 Dist\u00e2ncia.<\/p>\n\n\n\n<p>Access the <a href=\"https:\/\/www.pratocheio.org.br\/en\/plataforma-de-impacto\/\" data-type=\"page\" data-id=\"9063\">Impact Platform<\/a> e a <a href=\"https:\/\/www.pratocheio.org.br\/en\/prato-cheio-para-todos\/\" data-type=\"page\" data-id=\"8971\">Course Platform<\/a><\/p>\n<\/div>\n<\/div>\n<\/div><\/div>\n<\/div>\n<\/div><\/div>\n\n\n\n<p class=\"has-text-align-center has-large-font-size\"><strong>Prato Cheio na M\u00eddia!<\/strong><\/p>\n\n\n\n<div id=\"wp-block-themeisle-blocks-advanced-columns-b8803392\" class=\"wp-block-themeisle-blocks-advanced-columns alignwide has-1-columns has-desktop-equal-layout has-tablet-equal-layout has-mobile-equal-layout has-vertical-unset has-default-gap\"><div class=\"wp-block-themeisle-blocks-advanced-columns-overlay\"><\/div><div class=\"innerblocks-wrap\">\n<div id=\"wp-block-themeisle-blocks-advanced-column-e873bdc9\" class=\"wp-block-themeisle-blocks-advanced-column\"><div class=\"is-style-boxed wp-block-themeisle-blocks-posts-grid\" id=\"wp-block-themeisle-blocks-posts-grid-6e9681a6\"><div class=\"is-grid o-posts-grid-columns-3\"><div class=\"o-posts-grid-post-blog o-posts-grid-post-plain\"><div class=\"o-posts-grid-post\"><div class=\"o-posts-grid-post-body is-full\"><h4 class=\"o-posts-grid-post-title\"><a href=\"https:\/\/www.pratocheio.org.br\/en\/midia\/homenagem-recebida-pelo-mesa-brasil-sesc-sp\/\">Tribute received by Mesa Brasil Sesc SP<\/a><\/h4><div class=\"o-posts-grid-post-description\"><p>Homenagem recebida pelo Mesa Brasil Sesc SP\u00a0em evento\u00a0realizado no Sesc Pinheiros! Para receber a ho\u2026<\/p><\/div><\/div><\/div><\/div><div class=\"o-posts-grid-post-blog o-posts-grid-post-plain\"><div class=\"o-posts-grid-post\"><div class=\"o-posts-grid-post-body is-full\"><h4 class=\"o-posts-grid-post-title\"><a href=\"https:\/\/www.pratocheio.org.br\/en\/midia\/destaque-2024-da-fundacao-cargill\/\">Cargill Foundation Highlight 2024!<\/a><\/h4><div class=\"o-posts-grid-post-description\"><p>Premia\u00e7\u00e3o:\u00a0a Prato Cheio foi premiada como\u00a0Destaque 2024 da Funda\u00e7\u00e3o Cargill!\u00a0Para receber o Pr\u00eamio,\u2026<\/p><\/div><\/div><\/div><\/div><div class=\"o-posts-grid-post-blog o-posts-grid-post-plain\"><div class=\"o-posts-grid-post\"><div class=\"o-posts-grid-post-body is-full\"><h4 class=\"o-posts-grid-post-title\"><a href=\"https:\/\/www.pratocheio.org.br\/en\/midia\/premiacao-a-prato-cheio-foi-a-vencedora-na-categoria-direito-humano-a-alimentacao\/\">Award: Prato Cheio was the winner in the Human Right to Food category!<\/a><\/h4><div class=\"o-posts-grid-post-description\"><p>Premia\u00e7\u00e3o: A Prato Cheio foi a vencedora na categoria Direito Humano \u00c0 Alimenta\u00e7\u00e3o!\u00a0Segunda edi\u00e7\u00e3o d\u2026<\/p><\/div><\/div><\/div><\/div><div class=\"o-posts-grid-post-blog o-posts-grid-post-plain\"><div class=\"o-posts-grid-post\"><div class=\"o-posts-grid-post-body is-full\"><h4 class=\"o-posts-grid-post-title\"><a href=\"https:\/\/www.pratocheio.org.br\/en\/midia\/apas-experience-no-interior-de-sp\/\">Apas Experience NO INTERIOR DE SP!<\/a><\/h4><div class=\"o-posts-grid-post-description\"><p>Sheila Pistori, coordenadora da Prato Cheio, esteve \u00e0 frente nos eventos da Apas pelo interior de S\u00e3\u2026<\/p><\/div><\/div><\/div><\/div><div class=\"o-posts-grid-post-blog o-posts-grid-post-plain\"><div class=\"o-posts-grid-post\"><div class=\"o-posts-grid-post-body is-full\"><h4 class=\"o-posts-grid-post-title\"><a href=\"https:\/\/www.pratocheio.org.br\/en\/midia\/nuria-chaim-gerente-da-prato-cheio-apresentou-a-plataforma-de-impacto-da-associacao-prato-cheio\/\">Nuria Chaim, gerente da Prato Cheio, apresentou a Plataforma de Impacto da Associa\u00e7\u00e3o Prato Cheio.<\/a><\/h4><div class=\"o-posts-grid-post-description\"><p><\/p><\/div><\/div><\/div><\/div><div class=\"o-posts-grid-post-blog o-posts-grid-post-plain\"><div class=\"o-posts-grid-post\"><div class=\"o-posts-grid-post-body is-full\"><h4 class=\"o-posts-grid-post-title\"><a href=\"https:\/\/www.pratocheio.org.br\/en\/midia\/desperdicio-zero-de-alimentos-o-caminho-para-a-sustentabilidade-e-competitividade\/\">Desperd\u00edcio zero de alimentos: o caminho para a sustentabilidade e competitividade<\/a><\/h4><div class=\"o-posts-grid-post-description\"><p>Walter Belik, presidente da Prato Cheio,\u00a0apresentou a palestra \u201cDesperd\u00edcio zero de alimentos: o cam\u2026<\/p><\/div><\/div><\/div><\/div><div class=\"o-posts-grid-post-blog o-posts-grid-post-plain\"><div class=\"o-posts-grid-post\"><div class=\"o-posts-grid-post-body is-full\"><h4 class=\"o-posts-grid-post-title\"><a href=\"https:\/\/www.pratocheio.org.br\/en\/midia\/apas-show-2024\/\">APAS SHOW 2024<\/a><\/h4><div class=\"o-posts-grid-post-description\"><p>A Prato Cheio esteve na APAS SHOW 2024 (@apasshow)! Maior evento de bebidas e alimentos das Am\u00e9ricas\u2026<\/p><\/div><\/div><\/div><\/div><div class=\"o-posts-grid-post-blog o-posts-grid-post-plain\"><div class=\"o-posts-grid-post\"><div class=\"o-posts-grid-post-body is-full\"><h4 class=\"o-posts-grid-post-title\"><a href=\"https:\/\/www.pratocheio.org.br\/en\/midia\/revista-super-hiper-destaca-pela-pesquisa-feita-pela-onu-mais-de-1-bilhao-de-refeicoes-sao-jogadas-fora-por-dia\/\">Revista Super Hiper destaca \u201cPela pesquisa feita pela ONU, mais de 1 bilh\u00e3o de refei\u00e7\u00f5es s\u00e3o jogadas fora por dia<\/a><\/h4><div class=\"o-posts-grid-post-description\"><p>Revista Super Hiper destaca \u201cPela pesquisa feita pela ONU, mais de 1 bilh\u00e3o de refei\u00e7\u00f5es s\u00e3o jogadas\u2026<\/p><\/div><\/div><\/div><\/div><div class=\"o-posts-grid-post-blog o-posts-grid-post-plain\"><div class=\"o-posts-grid-post\"><div class=\"o-posts-grid-post-body is-full\"><h4 class=\"o-posts-grid-post-title\"><a href=\"https:\/\/www.pratocheio.org.br\/en\/midia\/observatorio-do-terceiro-setor-lancou-uma-materia-sobre-a-plataforma-de-cursos-da-prato-cheio\/\">Observat\u00f3rio do Terceiro Setor lan\u00e7ou uma mat\u00e9ria sobre a\u00a0Plataforma de Cursos da Prato Cheio<\/a><\/h4><div class=\"o-posts-grid-post-description\"><p>O Observat\u00f3rio do Terceiro Setor lan\u00e7ou uma mat\u00e9ria sobre a\u00a0Plataforma de Cursos da Prato Cheio, que\u2026<\/p><\/div><\/div><\/div><\/div><div class=\"o-posts-grid-post-blog o-posts-grid-post-plain\"><div class=\"o-posts-grid-post\"><div class=\"o-posts-grid-post-body is-full\"><h4 class=\"o-posts-grid-post-title\"><a href=\"https:\/\/www.pratocheio.org.br\/en\/midia\/plataforma-de-impacto-da-prato-cheio-foi-destaque-na-folha-de-sao-paulo\/\">Plataforma de Impacto da Prato Cheio foi destaque na\u00a0Folha de S\u00e3o Paulo<\/a><\/h4><div class=\"o-posts-grid-post-description\"><p>https:\/\/www1.folha.uol.com.br\/folha-social-mais\/2024\/05\/ong-de-colheita-urbana-de-alimentos-cria-pla\u2026<\/p><\/div><\/div><\/div><\/div><div class=\"o-posts-grid-post-blog o-posts-grid-post-plain\"><div class=\"o-posts-grid-post\"><div class=\"o-posts-grid-post-body is-full\"><h4 class=\"o-posts-grid-post-title\"><a href=\"https:\/\/www.pratocheio.org.br\/en\/midia\/materia-sobre-o-papel-das-mulheres-em-observatorio-do-3-seto\/\">Mat\u00e9ria sobre o papel das mulheres em Observat\u00f3rio do 3 seto<\/a><\/h4><div class=\"o-posts-grid-post-description\"><p>https:\/\/observatorio3setor.org.br\/associacao-prato-cheio-mulheres-no-protagonismo-da-luta-contra-a-f\u2026<\/p><\/div><\/div><\/div><\/div><div class=\"o-posts-grid-post-blog o-posts-grid-post-plain\"><div class=\"o-posts-grid-post\"><div class=\"o-posts-grid-post-body is-full\"><h4 class=\"o-posts-grid-post-title\"><a href=\"https:\/\/www.pratocheio.org.br\/en\/sem-categoria\/plataforma-de-cursos-da-prato-cheio-em-observatorio-do-3-setor\/\">Plataforma de Cursos da Prato Cheio em Observat\u00f3rio do 3 setor<\/a><\/h4><div class=\"o-posts-grid-post-description\"><p>Confira a participa\u00e7\u00e3o da Prato Cheio no Observat\u00f3rio do 3 setor. https:\/\/observatorio3setor.org.br\/\u2026<\/p><\/div><\/div><\/div><\/div><\/div> <div class=\"o-posts-grid-pag\"><\/div><\/div><\/div>\n<\/div><\/div>\n\n\n\n<div id=\"wp-block-themeisle-blocks-advanced-columns-bae71eb7\" class=\"wp-block-themeisle-blocks-advanced-columns alignwide has-1-columns has-desktop-equal-layout has-tablet-equal-layout has-mobile-equal-layout has-vertical-unset has-default-gap\"><div class=\"wp-block-themeisle-blocks-advanced-columns-overlay\"><\/div><div class=\"innerblocks-wrap\">\n<div id=\"wp-block-themeisle-blocks-advanced-column-28986e31\" class=\"wp-block-themeisle-blocks-advanced-column\"><\/div>\n<\/div><\/div>\n\n\n\n<p class=\"has-text-align-center\">Follow the results of our Projects, learn about <a href=\"https:\/\/www.pratocheio.org.br\/en\/quem-somos\/\" data-type=\"page\">Annual Activity Reports<\/a>!<\/p>\n\n\n\n<div id=\"sb_instagram\"  class=\"sbi sbi_mob_col_1 sbi_tab_col_2 sbi_col_4 sbi_width_resp\" style=\"padding-bottom: 10px;\"\t data-feedid=\"*1\"  data-res=\"auto\" data-cols=\"4\" data-colsmobile=\"1\" data-colstablet=\"2\" data-num=\"8\" data-nummobile=\"8\" data-item-padding=\"5\"\t data-shortcode-atts=\"{&quot;user&quot;:&quot;associacaopratocheio&quot;,&quot;cachetime&quot;:30}\"  data-postid=\"3794\" data-locatornonce=\"a65bb19055\" data-imageaspectratio=\"1:1\" data-sbi-flags=\"favorLocal,gdpr\">\n\t\n\t<div id=\"sbi_images\"  style=\"gap: 10px;\">\n\t\t\t<\/div>\n\n\t<div id=\"sbi_load\" >\n\n\t\n\t\t\t<span class=\"sbi_follow_btn sbi_custom\" >\n\t\t\t<a target=\"_blank\"\n\t\t\t\trel=\"nofollow noopener\"  href=\"https:\/\/www.instagram.com\/7549544898463491\/\" style=\"background: rgb(64,139,209);\">\n\t\t\t\t<svg class=\"svg-inline--fa fa-instagram fa-w-14\" aria-hidden=\"true\" data-fa-processed=\"\" aria-label=\"Instagram\" data-prefix=\"fab\" data-icon=\"instagram\" role=\"img\" viewbox=\"0 0 448 512\">\n                    <path fill=\"currentColor\" d=\"M224.1 141c-63.6 0-114.9 51.3-114.9 114.9s51.3 114.9 114.9 114.9S339 319.5 339 255.9 287.7 141 224.1 141zm0 189.6c-41.1 0-74.7-33.5-74.7-74.7s33.5-74.7 74.7-74.7 74.7 33.5 74.7 74.7-33.6 74.7-74.7 74.7zm146.4-194.3c0 14.9-12 26.8-26.8 26.8-14.9 0-26.8-12-26.8-26.8s12-26.8 26.8-26.8 26.8 12 26.8 26.8zm76.1 27.2c-1.7-35.9-9.9-67.7-36.2-93.9-26.2-26.2-58-34.4-93.9-36.2-37-2.1-147.9-2.1-184.9 0-35.8 1.7-67.6 9.9-93.9 36.1s-34.4 58-36.2 93.9c-2.1 37-2.1 147.9 0 184.9 1.7 35.9 9.9 67.7 36.2 93.9s58 34.4 93.9 36.2c37 2.1 147.9 2.1 184.9 0 35.9-1.7 67.7-9.9 93.9-36.2 26.2-26.2 34.4-58 36.2-93.9 2.1-37 2.1-147.8 0-184.8zM398.8 388c-7.8 19.6-22.9 34.7-42.6 42.6-29.5 11.7-99.5 9-132.1 9s-102.7 2.6-132.1-9c-19.6-7.8-34.7-22.9-42.6-42.6-11.7-29.5-9-99.5-9-132.1s-2.6-102.7 9-132.1c7.8-19.6 22.9-34.7 42.6-42.6 29.5-11.7 99.5-9 132.1-9s102.7-2.6 132.1 9c19.6 7.8 34.7 22.9 42.6 42.6 11.7 29.5 9 99.5 9 132.1s2.7 102.7-9 132.1z\"><\/path>\n                <\/svg>\t\t\t\t<span>Follow us on Instagram<\/span>\n\t\t\t<\/a>\n\t\t<\/span>\n\t\n<\/div>\n\t\t<span class=\"sbi_resized_image_data\" data-feed-id=\"*1\"\n\t\t  data-resized=\"[]\">\n\t<\/span>\n\t<\/div>","protected":false},"excerpt":{"rendered":"<p>Prato Cheio na M\u00eddia! Acompanhe os resultados dos nossos Projetos, conhe\u00e7a os Relat\u00f3rios Anuais de Atividades!<\/p>","protected":false},"author":1,"featured_media":0,"parent":0,"menu_order":0,"comment_status":"closed","ping_status":"closed","template":"","meta":{"neve_meta_sidebar":"full-width","neve_meta_container":"","neve_meta_enable_content_width":"on","neve_meta_content_width":100,"neve_meta_title_alignment":"","neve_meta_author_avatar":"","neve_post_elements_order":"","neve_meta_disable_header":"","neve_meta_disable_footer":"","neve_meta_disable_title":"on","_themeisle_gutenberg_block_has_review":false,"footnotes":""},"class_list":["post-3794","page","type-page","status-publish","hentry"],"_links":{"self":[{"href":"https:\/\/www.pratocheio.org.br\/en\/wp-json\/wp\/v2\/pages\/3794","targetHints":{"allow":["GET"]}}],"collection":[{"href":"https:\/\/www.pratocheio.org.br\/en\/wp-json\/wp\/v2\/pages"}],"about":[{"href":"https:\/\/www.pratocheio.org.br\/en\/wp-json\/wp\/v2\/types\/page"}],"author":[{"embeddable":true,"href":"https:\/\/www.pratocheio.org.br\/en\/wp-json\/wp\/v2\/users\/1"}],"replies":[{"embeddable":true,"href":"https:\/\/www.pratocheio.org.br\/en\/wp-json\/wp\/v2\/comments?post=3794"}],"version-history":[{"count":93,"href":"https:\/\/www.pratocheio.org.br\/en\/wp-json\/wp\/v2\/pages\/3794\/revisions"}],"predecessor-version":[{"id":9556,"href":"https:\/\/www.pratocheio.org.br\/en\/wp-json\/wp\/v2\/pages\/3794\/revisions\/9556"}],"wp:attachment":[{"href":"https:\/\/www.pratocheio.org.br\/en\/wp-json\/wp\/v2\/media?parent=3794"}],"curies":[{"name":"wp","href":"https:\/\/api.w.org\/{rel}","templated":true}]}}